{"id":58,"date":"2019-08-19T07:36:30","date_gmt":"2019-08-19T07:36:30","guid":{"rendered":"http:\/\/refrothrist.ch\/cms\/?page_id=58"},"modified":"2025-10-14T13:21:44","modified_gmt":"2025-10-14T11:21:44","slug":"ueber-uns","status":"publish","type":"page","link":"https:\/\/refrothrist.ch\/?page_id=58","title":{"rendered":"Kirchenpflege"},"content":{"rendered":"\n<h4 class=\"wp-block-heading\"><strong><mark style=\"background-color:rgba(0, 0, 0, 0)\" class=\"has-inline-color has-vivid-cyan-blue-color\">Ressort Pr\u00e4sidium\/Personal\/Geb\u00e4ude<\/mark><\/strong><\/h4>\n\n\n<div class=\"wp-block-image\">\n<figure class=\"alignright size-large is-resized\"><img loading=\"lazy\" decoding=\"async\" width=\"288\" height=\"290\" src=\"https:\/\/refrothrist.ch\/wp-content\/uploads\/2020\/06\/roland_woodtli_2019.jpg\" alt=\"\" class=\"wp-image-286\" style=\"width:163px;height:164px\" srcset=\"https:\/\/refrothrist.ch\/wp-content\/uploads\/2020\/06\/roland_woodtli_2019.jpg 288w, https:\/\/refrothrist.ch\/wp-content\/uploads\/2020\/06\/roland_woodtli_2019-150x150.jpg 150w, https:\/\/refrothrist.ch\/wp-content\/uploads\/2020\/06\/roland_woodtli_2019-100x100.jpg 100w\" sizes=\"auto, (max-width: 288px) 100vw, 288px\" \/><\/figure>\n<\/div>\n\n\n<p>Roland Woodtli<br><br>A. Aarburgerstrasse 28<br>Telefon: 062 794 39 35<br><a href=\"mailto:r.woodtli@refrothrist.ch\">E-Mail<\/a><br><br><\/p>\n\n\n\n<h4 class=\"wp-block-heading\"><strong><mark style=\"background-color:rgba(0, 0, 0, 0)\" class=\"has-inline-color has-vivid-cyan-blue-color\">Diakonie \/ Anl\u00e4sse<\/mark><\/strong><\/h4>\n\n\n<div class=\"wp-block-image\">\n<figure class=\"alignright size-large is-resized\"><img loading=\"lazy\" decoding=\"async\" width=\"500\" height=\"502\" src=\"https:\/\/refrothrist.ch\/wp-content\/uploads\/2020\/11\/beatrice_luescher.jpg\" alt=\"\" class=\"wp-image-594\" style=\"width:170px;height:170px\" srcset=\"https:\/\/refrothrist.ch\/wp-content\/uploads\/2020\/11\/beatrice_luescher.jpg 500w, https:\/\/refrothrist.ch\/wp-content\/uploads\/2020\/11\/beatrice_luescher-300x300.jpg 300w, https:\/\/refrothrist.ch\/wp-content\/uploads\/2020\/11\/beatrice_luescher-150x150.jpg 150w, https:\/\/refrothrist.ch\/wp-content\/uploads\/2020\/11\/beatrice_luescher-100x100.jpg 100w\" sizes=\"auto, (max-width: 500px) 100vw, 500px\" \/><\/figure>\n<\/div>\n\n\n<p>Beatrice L\u00fcscher<\/p>\n\n\n\n<p>L\u00e4sserweg 12<br>Telefon: 062 791 05 90<br><a href=\"mailto:beatrice.luescher@hotmail.com\" data-type=\"mailto\" data-id=\"mailto:\">E-Mail<\/a><br><\/p>\n\n\n\n<p><\/p>\n\n\n\n<h4 class=\"wp-block-heading\"><strong><mark style=\"background-color:rgba(0, 0, 0, 0)\" class=\"has-inline-color has-vivid-cyan-blue-color\">Kollektenkasse<\/mark><\/strong><\/h4>\n\n\n\n<p><br>Bettina Amberg<br><br>Blumenweg 6<br>Telefon: <br><br><\/p>\n\n\n\n<h4 class=\"wp-block-heading\"><strong><mark style=\"background-color:rgba(0, 0, 0, 0)\" class=\"has-inline-color has-vivid-cyan-blue-color\">Finanzen<\/mark><\/strong><\/h4>\n\n\n\n<p>Edy Weber<br><br>Geisshubelweg 39<br>Telefon 062 752 56 36<br><a href=\"mailto:edyweber@bluewin.ch\" data-type=\"mailto\" data-id=\"mailto:edyweber@bluewin.ch\">E-Mail<\/a><br><br><\/p>\n\n\n\n<p><strong><mark style=\"background-color:rgba(0, 0, 0, 0)\" class=\"has-inline-color has-vivid-cyan-blue-color\">Oekumene \/ Mission \/ Entwicklung<\/mark><\/strong><\/p>\n\n\n<div class=\"wp-block-image\">\n<figure class=\"alignright size-large is-resized\"><img loading=\"lazy\" decoding=\"async\" width=\"210\" height=\"186\" src=\"https:\/\/refrothrist.ch\/wp-content\/uploads\/2020\/07\/heidi_sommer.jpg\" alt=\"\" class=\"wp-image-435\" style=\"width:170px;height:170px\"\/><\/figure>\n<\/div>\n\n\n<p>Heidi Sommer<br><br>Stauwehrweg 15<br>Telefon: 062 794 35 37<br><a href=\"mailto:h.sommer@refrothrist.ch\">E-Mail<\/a><br><br><\/p>\n\n\n\n<h4 class=\"wp-block-heading\"><strong><mark style=\"background-color:rgba(0, 0, 0, 0)\" class=\"has-inline-color has-vivid-cyan-blue-color\">PHK, Erwachsenenbildung, Aktuariat\u00a0<\/mark><\/strong><\/h4>\n\n\n<div class=\"wp-block-image\">\n<figure class=\"alignright size-large is-resized\"><img loading=\"lazy\" decoding=\"async\" width=\"305\" height=\"265\" src=\"https:\/\/refrothrist.ch\/wp-content\/uploads\/2020\/07\/evelyne_nuetzi.jpg\" alt=\"\" class=\"wp-image-441\" style=\"width:170px;height:170px\" srcset=\"https:\/\/refrothrist.ch\/wp-content\/uploads\/2020\/07\/evelyne_nuetzi.jpg 305w, https:\/\/refrothrist.ch\/wp-content\/uploads\/2020\/07\/evelyne_nuetzi-300x261.jpg 300w\" sizes=\"auto, (max-width: 305px) 100vw, 305px\" \/><\/figure>\n<\/div>\n\n\n<p>Evelyne N\u00fctzi<br><br>Galliweg 52c&nbsp;<br>Telefon: 062 794 27 87<br><a href=\"mailto:pe.ps@bluewin.ch\">E-Mail<\/a><br><br><\/p>\n\n\n\n<h4 class=\"wp-block-heading\"><strong><mark style=\"background-color:rgba(0, 0, 0, 0)\" class=\"has-inline-color has-vivid-cyan-blue-color\">Gottesdienst\/Musik<\/mark><\/strong><\/h4>\n\n\n\n<p>Dieses Amt ist momentan vakant<\/p>\n\n\n\n<p><\/p>\n","protected":false},"excerpt":{"rendered":"<p>Ressort Pr\u00e4sidium\/Personal\/Geb\u00e4ude Roland Woodtli A. Aarburgerstrasse 28Telefon: 062 794 39 35E-Mail Diakonie \/ Anl\u00e4sse Beatrice L\u00fcscher L\u00e4sserweg 12Telefon: 062 791 05 90E-Mail Kollektenkasse Bettina Amberg Blumenweg 6Telefon: Finanzen Edy Weber Geisshubelweg 39Telefon 062 752 56 36E-Mail Oekumene \/ Mission \/ Entwicklung Heidi Sommer Stauwehrweg 15Telefon: 062 794 35 37E-Mail PHK, Erwachsenenbildung, Aktuariat\u00a0 Evelyne N\u00fctzi Galliweg &hellip; <\/p>\n<p class=\"link-more\"><a href=\"https:\/\/refrothrist.ch\/?page_id=58\" class=\"more-link\"><span class=\"screen-reader-text\">\u201eKirchenpflege\u201c<\/span> weiterlesen<\/a><\/p>\n","protected":false},"author":2,"featured_media":0,"parent":0,"menu_order":0,"comment_status":"closed","ping_status":"closed","template":"","meta":{"footnotes":""},"class_list":["post-58","page","type-page","status-publish","hentry"],"_links":{"self":[{"href":"https:\/\/refrothrist.ch\/index.php?rest_route=\/wp\/v2\/pages\/58","targetHints":{"allow":["GET"]}}],"collection":[{"href":"https:\/\/refrothrist.ch\/index.php?rest_route=\/wp\/v2\/pages"}],"about":[{"href":"https:\/\/refrothrist.ch\/index.php?rest_route=\/wp\/v2\/types\/page"}],"author":[{"embeddable":true,"href":"https:\/\/refrothrist.ch\/index.php?rest_route=\/wp\/v2\/users\/2"}],"replies":[{"embeddable":true,"href":"https:\/\/refrothrist.ch\/index.php?rest_route=%2Fwp%2Fv2%2Fcomments&post=58"}],"version-history":[{"count":33,"href":"https:\/\/refrothrist.ch\/index.php?rest_route=\/wp\/v2\/pages\/58\/revisions"}],"predecessor-version":[{"id":2812,"href":"https:\/\/refrothrist.ch\/index.php?rest_route=\/wp\/v2\/pages\/58\/revisions\/2812"}],"wp:attachment":[{"href":"https:\/\/refrothrist.ch\/index.php?rest_route=%2Fwp%2Fv2%2Fmedia&parent=58"}],"curies":[{"name":"wp","href":"https:\/\/api.w.org\/{rel}","templated":true}]}}